{"id":11644,"date":"2022-08-08T21:47:30","date_gmt":"2022-08-08T21:47:30","guid":{"rendered":"https:\/\/institutodpn.org\/website\/?page_id=11644"},"modified":"2022-11-08T21:10:03","modified_gmt":"2022-11-08T21:10:03","slug":"biblioteca","status":"publish","type":"page","link":"https:\/\/institutodpn.org\/website\/biblioteca\/","title":{"rendered":"Biblioteca"},"content":{"rendered":"[vc_section full_width=&#8221;yes&#8221; page_title=&#8221;page-title-x&#8221;][vc_row][vc_column][\/vc_column][\/vc_row][\/vc_section][vc_section full_width=&#8221;yes&#8221; full_height=&#8221;yes&#8221; content_placement=&#8221;top&#8221; css=&#8221;.vc_custom_1659719023881{background-image: url(https:\/\/institutodpn.org\/website\/wp-content\/uploads\/2022\/08\/man-in-library-6720&#215;4480-1-scaled.jpg?id=11645) !important;}&#8221;][vc_row css=&#8221;.vc_custom_1600512787450{padding-right: 0px !important;padding-left: 0px !important;}&#8221;][vc_column css=&#8221;.vc_custom_1659718891112{margin-top: -30px !important;padding-right: 0px !important;padding-left: 0px !important;}&#8221; offset=&#8221;vc_col-lg-offset-12 vc_col-lg-4 vc_col-md-6&#8243;][vc_row_inner][vc_column_inner offset=&#8221;vc_hidden-lg vc_hidden-md&#8221;]<hr class=\"vertical-space3\">[\/vc_column_inner][\/vc_row_inner][\/vc_column][\/vc_row][\/vc_section][vc_section][vc_row][vc_column]<hr class=\"vertical-space3\">\n\t<div class=\"max-title max-title4\">\n\t\t<span class=\"before\"><\/span>\n\t\t<h2>BIBLIOTECA<\/h2>\n\t\t<span class=\"after\"><\/span>\n\t<\/div>[vc_row_inner][vc_column_inner]<hr class=\"vertical-space1\">[vc_column_text]\n<h4 class=\"font_7\" align=\"justify\">Aqui voc\u00ea encontra nossas produ\u00e7\u00f5es, materiais de parceiros e documentos que podem te auxiliar a compreender o universo jur\u00eddico a partir do olhar de juristas negros. Tem alguma sugest\u00e3o ou pedido? Envie sua solicita\u00e7\u00e3o pela p\u00e1gina de contato.<\/h4>\n[\/vc_column_text]<hr class=\"vertical-space3\">[\/vc_column_inner][\/vc_row_inner][\/vc_column][\/vc_row][\/vc_section][vc_section wn_parallax=&#8221;content-moving&#8221; wn_parallax_speed=&#8221;190&#8243; css=&#8221;.vc_custom_1651249951810{background-image: url(https:\/\/institutodpn.org\/website\/wp-content\/uploads\/2022\/04\/Detalhe-site-IDPN-2.png?id=11466) !important;}&#8221;][vc_row row_dark=&#8221;yes&#8221; layer_animation=&#8221;true&#8221;][vc_column]<hr class=\"vertical-space3\"><hr class=\"vertical-space5\"><hr class=\"vertical-space5\">[\/vc_column][\/vc_row][vc_row][vc_column][vc_wp_text]\n<p style=\"text-align: center;\"><a class=\"wpsal-anchor\" name=\"biblioteca\" id=\"biblioteca\"><\/a>\n[\/vc_wp_text][\/vc_column][\/vc_row][\/vc_section][vc_row][vc_column]<hr class=\"vertical-space3\">\n\t<div class=\"max-title max-title4\">\n\t\t<span class=\"before\"><\/span>\n\t\t<h2>ENFRENTAMENTO \u00c0 VIOL\u00caNCIA POL\u00cdTICA<\/h2>\n\t\t<span class=\"after\"><\/span>\n\t<\/div><hr class=\"vertical-space1\">[vc_column_text]<span style=\"font-weight: 400;\">O uso do termo viol\u00eancia pol\u00edtica tem ganhado espa\u00e7o, nos \u00faltimos anos, para nomear diversas pr\u00e1ticas que atravessam historicamente o modo de fazer pol\u00edtica em uma sociedade desigual e marcada por rela\u00e7\u00f5es de poder constitu\u00eddas e mantidas pelas assimetrias de ra\u00e7a, g\u00eanero e classe. Para colaborar no enfrentamento deste tipo de viol\u00eancia que atinge especialmente mulheres negras e LGBTQIA+, o IDPN disponibiliza uma s\u00e9rie de produ\u00e7\u00f5es que ir\u00e3o ajudar na cria\u00e7\u00e3o de estrat\u00e9gias poss\u00edveis, especialmente no \u00e2mbito jur\u00eddico-penal. Clique nas imagens e conhe\u00e7a!<\/span>[\/vc_column_text][vc_row_inner][vc_column_inner width=&#8221;1\/3&#8243;][vc_single_image image=&#8221;11780&#8243; img_size=&#8221;250&#215;400&#8243; alignment=&#8221;center&#8221; style=&#8221;vc_box_circle_2&#8243; onclick=&#8221;custom_link&#8221; link=&#8221;https:\/\/drive.google.com\/file\/d\/1BeYDhVlPFxWnITMDMISnPwA1TtOLuIRp\/view?usp=sharing&#8221;]<hr class=\"vertical-space1\">[vc_column_text enable_animation_pro=&#8221;&#8221;]\n<p style=\"text-align: center;\"><a href=\"https:\/\/drive.google.com\/file\/d\/1BeYDhVlPFxWnITMDMISnPwA1TtOLuIRp\/view?usp=sharing\" target=\"_blank\" rel=\"noopener\"><strong>#BASTADEVIOL\u00caNCIAPOL\u00cdTICA<\/strong><\/a><br \/>\n<a href=\"https:\/\/drive.google.com\/file\/d\/1BeYDhVlPFxWnITMDMISnPwA1TtOLuIRp\/view?usp=sharing\" target=\"_blank\" rel=\"noopener\">Manual de Enfrentamento Jur\u00eddico<br \/>\n<em>(clique e fa\u00e7a o download)<\/em><\/a><\/p>\n[\/vc_column_text][\/vc_column_inner][vc_column_inner width=&#8221;1\/3&#8243;][vc_single_image image=&#8221;11778&#8243; img_size=&#8221;250&#215;400&#8243; alignment=&#8221;center&#8221; style=&#8221;vc_box_circle_2&#8243; onclick=&#8221;custom_link&#8221; link=&#8221;https:\/\/open.spotify.com\/playlist\/5WTkUzWraVC6YJpdx7cVSR?si=c9f79cff6efc4627&#8243;]<hr class=\"vertical-space1\">[vc_column_text]\n<p style=\"text-align: center;\"><a href=\"https:\/\/open.spotify.com\/playlist\/5WTkUzWraVC6YJpdx7cVSR?si=c9f79cff6efc4627\">Podcast Viol\u00eancia Pol\u00edtica e Democracia<\/a><br \/>\n<a href=\"https:\/\/open.spotify.com\/playlist\/5WTkUzWraVC6YJpdx7cVSR?si=c9f79cff6efc4627\" target=\"_blank\" rel=\"noopener\"><strong>Especial Defenda-se<\/strong><\/a><br \/>\n<a href=\"https:\/\/open.spotify.com\/playlist\/5WTkUzWraVC6YJpdx7cVSR?si=c9f79cff6efc4627\" target=\"_blank\" rel=\"noopener\"><em>(ou\u00e7a os 5 epis\u00f3dios)<\/em><\/a><\/p>\n[\/vc_column_text][\/vc_column_inner][vc_column_inner width=&#8221;1\/3&#8243;][vc_single_image image=&#8221;11779&#8243; img_size=&#8221;250&#215;400&#8243; alignment=&#8221;center&#8221; style=&#8221;vc_box_circle_2&#8243; onclick=&#8221;custom_link&#8221; link=&#8221;http:\/\/change.org\/bastadeviolenciapolitica&#8221;]<hr class=\"vertical-space1\">[vc_column_text]\n<p style=\"text-align: center;\"><a href=\"http:\/\/change.org\/bastadeviolenciapolitica\" target=\"_blank\" rel=\"noopener\"><strong>#BASTADEVIOL\u00caNCIAPOL\u00cdTICA<\/strong><\/a><br \/>\n<a href=\"http:\/\/change.org\/bastadeviolenciapolitica\" target=\"_blank\" rel=\"noopener\">Campanha para destina\u00e7\u00e3o do fundo partid\u00e1rio para o enfrentamento da viol\u00eancia pol\u00edtica<\/a><\/p>\n[\/vc_column_text][\/vc_column_inner][\/vc_row_inner][vc_row_inner disable_element=&#8221;yes&#8221;][vc_column_inner width=&#8221;1\/3&#8243;]<hr class=\"vertical-space2\">[vc_column_text]\n<h3 style=\"text-align: center;\" align=\"center\"><strong>Coordena\u00e7\u00e3o<\/strong><\/h3>\n<h4 style=\"text-align: center;\" align=\"center\"><strong><br \/>\n<\/strong>Joel Luiz Costa &#8211; Coordenador Executivo<br \/>\nDjeff Amadeus &#8211; Coordenador de Advocacy<br \/>\nJuliana Sanches &#8211; Coordenadora Jur\u00eddica<\/h4>\n[\/vc_column_text][\/vc_column_inner][vc_column_inner width=&#8221;1\/3&#8243;]<hr class=\"vertical-space2\">\n\t<div class=\"max-title max-title4\">\n\t\t<span class=\"before\"><\/span>\n\t\t<h2>EQUIPE<\/h2>\n\t\t<span class=\"after\"><\/span>\n\t<\/div>[vc_column_text]\n<h3 style=\"text-align: center;\" align=\"center\"><strong>Associades<\/strong><\/h3>\n<h4 style=\"text-align: center;\" align=\"center\"><strong><br \/>\n<\/strong>Lorrayne Andrade<br \/>\nMonalisa Castro<br \/>\nAnalista de projetos<br \/>\nMarcela Cardoso<\/h4>\n<h3 style=\"text-align: center;\"><\/h3>\n<p style=\"text-align: center;\">[\/vc_column_text][\/vc_column_inner][vc_column_inner width=&#8221;1\/3&#8243;]<hr class=\"vertical-space2\">[vc_column_text]\n<h3 style=\"text-align: center;\" align=\"center\"><strong>Associades<\/strong><\/h3>\n<h4 style=\"text-align: center;\"><strong><br \/>\n<\/strong>Lorrayne Andrade<br \/>\nMonalisa Castro<br \/>\nAnalista de projetos<br \/>\nMarcela Cardoso<\/h4>\n<p>&nbsp;[\/vc_column_text][\/vc_column_inner][\/vc_row_inner]<hr class=\"vertical-space1\">[vc_row_inner disable_element=&#8221;yes&#8221;][vc_column_inner width=&#8221;2\/3&#8243;]<hr class=\"vertical-space1\">[vc_column_text]\n<p style=\"text-align: center;\"><a class=\"wpsal-anchor\" name=\"porque\" id=\"porque\"><\/a>\n[\/vc_column_text]\n\t<div class=\"max-title max-title4\">\n\t\t<span class=\"before\"><\/span>\n\t\t<h2>Porque existimos<\/h2>\n\t\t<span class=\"after\"><\/span>\n\t<\/div><hr class=\"vertical-space2\">[vc_column_text]\n<h4 class=\"font_7\" align=\"justify\">A ideia de que o acesso a uma assist\u00eancia jur\u00eddica de qualidade \u00e9 ferramenta indissoci\u00e1vel para promover a equidade racial no Brasil motivou a funda\u00e7\u00e3o do IDPN. O Brasil possui hoje um sistema de justi\u00e7a que ainda reproduz o preconceito racial, de classe e de g\u00eanero em todas as suas inst\u00e2ncias. Desde a abordagem policial \u00e0s senten\u00e7as de pris\u00e3o, os dados mostram como a popula\u00e7\u00e3o negra \u00e9 a principal afetada nestes casos.<\/h4>\n<p>&nbsp;<\/p>\n<h4 class=\"font_7\" align=\"justify\">Embora as pessoas negras sejam 56% da popula\u00e7\u00e3o brasileira, elas ocupam apenas 1% dos postos de trabalho na advocacia em grandes escrit\u00f3rios e 18,1% dos cargos na magistratura. Existe um grande contingente de advogados e advogadas negros formados ou formandos em excelentes universidades, entretanto, esses profissionais enfrentam enormes desafios para ingresso no mercado de trabalho e disputa por cargos concorridos, t\u00eam poucas perspectivas de atuar na \u00e1rea jur\u00eddica, enfrentam grandes dificuldades para adquirir experi\u00eancia pr\u00e1tica jur\u00eddica, assim incorrendo no risco de desistirem de seguir uma carreira profissional jur\u00eddica. Precisamos destes profissionais atuando pela popula\u00e7\u00e3o negra que \u00e9 o principal alvo do sistema judici\u00e1rio.<\/h4>\n<p>&nbsp;<\/p>\n<h4 class=\"font_7\" align=\"justify\">Al\u00e9m disso, pessoas negras representam 65% da popula\u00e7\u00e3o encarcerada, recebem mais condena\u00e7\u00f5es por tr\u00e1fico apesar de serem apreendidas com menos drogas e, a cada 100 pessoas assassinadas no Brasil, 75 s\u00e3o negras. O alto custo na defesa de qualidade afasta grande parte da popula\u00e7\u00e3o negra e perif\u00e9rica de bons defensores. O IDPN acredita que uma das formas de mudar esse cen\u00e1rio \u00e9 fazer com que haja uma amplia\u00e7\u00e3o do n\u00famero de profissionais negras e negros qualificados e atuantes na \u00e1rea criminal. Estamos formando um quilombo jur\u00eddico.<\/h4>\n[\/vc_column_text][\/vc_column_inner][vc_column_inner width=&#8221;1\/3&#8243;]<hr class=\"vertical-space5\">[vc_single_image image=&#8221;11483&#8243; img_size=&#8221;250&#215;850&#8243; alignment=&#8221;center&#8221; style=&#8221;vc_box_circle_2&#8243;][\/vc_column_inner][\/vc_row_inner][\/vc_column][vc_column][\/vc_column][vc_column][\/vc_column][vc_column][\/vc_column][vc_column][\/vc_column][\/vc_row][vc_row][vc_column]\n\t<div class=\"max-title max-title4\">\n\t\t<span class=\"before\"><\/span>\n\t\t<h2>IDPN CAST<\/h2>\n\t\t<span class=\"after\"><\/span>\n\t<\/div>[vc_row_inner][vc_column_inner width=&#8221;1\/3&#8243;]<hr class=\"vertical-space1\">[vc_column_text]\n<h4 class=\"font_7\" align=\"justify\"><span style=\"font-weight: 400;\">O IDPN Cast \u00e9 o podcast do Instituto de Defesa da Popula\u00e7\u00e3o Negra! Toda quinta-feira teremos um epis\u00f3dio novo para falar sobre justi\u00e7a para e a partir de pessoas negras, al\u00e9m de trazer estrat\u00e9gias dos nossos casos atendidos pelo Instituto, ouvir as perspectivas de pessoas que tiveram a vida atravessada pelo c\u00e1rcere, e discutir quest\u00f5es atuais como viol\u00eancia pol\u00edtica e candidaturas negras. Quer conhecer? D\u00ea um play nos nossos programas! <\/span><\/h4>\n<p><iframe loading=\"lazy\" src=\"https:\/\/anchor.fm\/instituto-de-defesa-da-populao-negra\/embed\/episodes\/O-que--ser-advogadoa-negroa-e1m9cn4\/a-a8c0u3q\" width=\"400px\" height=\"102px\" frameborder=\"0\" scrolling=\"no\"><\/iframe>[\/vc_column_text]<hr class=\"vertical-space1\">[\/vc_column_inner][vc_column_inner width=&#8221;1\/3&#8243;][vc_column_text]<iframe loading=\"lazy\" src=\"https:\/\/anchor.fm\/instituto-de-defesa-da-populao-negra\/embed\/episodes\/Ep--15---Quando-o-direito--crena--negado-racismo-religioso-em-pauta-e1phfm3\/a-a8nj4jf\" width=\"400px\" height=\"102px\" frameborder=\"0\" scrolling=\"no\"><\/iframe><iframe loading=\"lazy\" src=\"https:\/\/anchor.fm\/instituto-de-defesa-da-populao-negra\/embed\/episodes\/Ep--13---Cidade-Integrada-para-quem--Quando-a-presena-do-Estado-nas-periferias-gera-medo--a-resposta--a-luta-e1os4bp\/a-a8l2t0u\" width=\"400px\" height=\"102px\" frameborder=\"0\" scrolling=\"no\"><\/iframe><iframe loading=\"lazy\" src=\"https:\/\/anchor.fm\/instituto-de-defesa-da-populao-negra\/embed\/episodes\/Ep--11---Quando-provas-concretas-no-bastam-o-caso-Wellington-e1o3s6c\/a-a8ibj8s\" width=\"400px\" height=\"102px\" frameborder=\"0\" scrolling=\"no\"><\/iframe><iframe loading=\"lazy\" src=\"https:\/\/anchor.fm\/instituto-de-defesa-da-populao-negra\/embed\/episodes\/Ep--9---lbuns-que-condenam-o-caso-Carlos-e1nhv1i\/a-a8gd5n1\" width=\"400px\" height=\"102px\" frameborder=\"0\" scrolling=\"no\"><\/iframe><iframe loading=\"lazy\" src=\"https:\/\/anchor.fm\/instituto-de-defesa-da-populao-negra\/embed\/episodes\/Quando-uma-foto-3x4-basta-o-caso-Jeferson-e1muo1o\" width=\"400px\" height=\"102px\" frameborder=\"0\" scrolling=\"no\"><span data-mce-type=\"bookmark\" style=\"display: inline-block; width: 0px; overflow: hidden; line-height: 0;\" class=\"mce_SELRES_start\">\ufeff<\/span><\/iframe>[\/vc_column_text][\/vc_column_inner][vc_column_inner width=&#8221;1\/3&#8243;][vc_column_text]<iframe loading=\"lazy\" src=\"https:\/\/anchor.fm\/instituto-de-defesa-da-populao-negra\/embed\/episodes\/Ep--16---Raa--fundo-eleitoral-e-eleies-no-Brasil-e1pqmka\" width=\"400px\" height=\"102px\" frameborder=\"0\" scrolling=\"no\"><\/iframe><iframe loading=\"lazy\" src=\"https:\/\/anchor.fm\/instituto-de-defesa-da-populao-negra\/embed\/episodes\/Violncia-poltica-de-gnero-mulheres-negras-em-pauta-e1p71o4\/a-a8mbf2p\" width=\"400px\" height=\"102px\" frameborder=\"0\" scrolling=\"no\"><\/iframe> <iframe loading=\"lazy\" src=\"https:\/\/anchor.fm\/instituto-de-defesa-da-populao-negra\/embed\/episodes\/Ser-preto-na-poltica-a-luta-por-existir-no-fazer-poltico-institucional-e1ohgnd\/a-a8jtcsa\" width=\"400px\" height=\"102px\" frameborder=\"0\" scrolling=\"no\"><\/iframe> <iframe loading=\"lazy\" src=\"https:\/\/anchor.fm\/instituto-de-defesa-da-populao-negra\/embed\/episodes\/Mulheres-na-poltica-desafios-de-campanha-e-eleies-2022-no-RJ-e1nslph\/a-a8hhmt0\" width=\"400px\" height=\"102px\" frameborder=\"0\" scrolling=\"no\"><\/iframe> <iframe loading=\"lazy\" src=\"https:\/\/anchor.fm\/instituto-de-defesa-da-populao-negra\/embed\/episodes\/Ser-mulher--negra-e-trans-na-poltica-e1n89of\" width=\"400px\" height=\"102px\" frameborder=\"0\" scrolling=\"no\"><\/iframe>[\/vc_column_text][\/vc_column_inner][\/vc_row_inner][vc_row_inner][vc_column_inner width=&#8221;1\/3&#8243;]<hr class=\"vertical-space1\">[vc_column_text]\n<h4 class=\"font_7\" align=\"justify\">A s\u00e9rie &#8220;Defenda-se&#8221; \u00e9 uma produ\u00e7\u00e3o do IDPN Cast que ir\u00e1 te explicar, em poucos minutos, como agir diante dos principais cen\u00e1rios poss\u00edveis de viol\u00eancia pol\u00edtica durante o per\u00edodo eleitoral.<\/h4>\n[\/vc_column_text]<hr class=\"vertical-space1\">[\/vc_column_inner][vc_column_inner width=&#8221;1\/3&#8243;][vc_column_text]\n<p style=\"text-align: right;\"><iframe loading=\"lazy\" src=\"https:\/\/anchor.fm\/instituto-de-defesa-da-populao-negra\/embed\/episodes\/O-que--violncia-poltica-e1mftg2\/a-a8cmjfi\" width=\"400px\" height=\"102px\" frameborder=\"0\" scrolling=\"no\"><br \/>\n<\/iframe><br \/>\n<iframe loading=\"lazy\" src=\"https:\/\/anchor.fm\/instituto-de-defesa-da-populao-negra\/embed\/episodes\/Injria-racial-e1mftvd\/a-a8cmlb9\" width=\"400px\" height=\"102px\" frameborder=\"0\" scrolling=\"no\"><\/iframe><br \/>\n<iframe loading=\"lazy\" src=\"https:\/\/anchor.fm\/instituto-de-defesa-da-populao-negra\/embed\/episodes\/Abuso-de-autoridade-e1ml8sp\/a-a8d92jl\" width=\"400px\" height=\"102px\" frameborder=\"0\" scrolling=\"no\"><\/iframe><\/p>\n[\/vc_column_text][\/vc_column_inner][vc_column_inner width=&#8221;1\/3&#8243;][vc_column_text]<\/iframe><iframe loading=\"lazy\" src=\"https:\/\/anchor.fm\/instituto-de-defesa-da-populao-negra\/embed\/episodes\/Ameaas-virtuais-e1mftsa\/a-a8cmkvt\" width=\"400px\" height=\"102px\" frameborder=\"0\" scrolling=\"no\"><\/iframe><br \/>\n<iframe loading=\"lazy\" src=\"https:\/\/anchor.fm\/instituto-de-defesa-da-populao-negra\/embed\/episodes\/FakeNews-e1ml8is\/a-a8d91dc\" width=\"400px\" height=\"102px\" frameborder=\"0\" scrolling=\"no\"><\/iframe>[\/vc_column_text][\/vc_column_inner][\/vc_row_inner][vc_row_inner disable_element=&#8221;yes&#8221;][vc_column_inner width=&#8221;1\/3&#8243;]<hr class=\"vertical-space2\">[vc_column_text]\n<h3 style=\"text-align: center;\" align=\"center\"><strong>Coordena\u00e7\u00e3o<\/strong><\/h3>\n<h4 style=\"text-align: center;\" align=\"center\"><strong><br \/>\n<\/strong>Joel Luiz Costa &#8211; Coordenador Executivo<br \/>\nDjeff Amadeus &#8211; Coordenador de Advocacy<br \/>\nJuliana Sanches &#8211; Coordenadora Jur\u00eddica<\/h4>\n[\/vc_column_text][\/vc_column_inner][vc_column_inner width=&#8221;1\/3&#8243;]<hr class=\"vertical-space2\">\n\t<div class=\"max-title max-title4\">\n\t\t<span class=\"before\"><\/span>\n\t\t<h2>EQUIPE<\/h2>\n\t\t<span class=\"after\"><\/span>\n\t<\/div>[vc_column_text]\n<h3 style=\"text-align: center;\" align=\"center\"><strong>Associades<\/strong><\/h3>\n<h4 style=\"text-align: center;\" align=\"center\"><strong><br \/>\n<\/strong>Lorrayne Andrade<br \/>\nMonalisa Castro<br \/>\nAnalista de projetos<br \/>\nMarcela Cardoso<\/h4>\n<h3 style=\"text-align: center;\"><\/h3>\n<p style=\"text-align: center;\">[\/vc_column_text][\/vc_column_inner][vc_column_inner width=&#8221;1\/3&#8243;]<hr class=\"vertical-space2\">[vc_column_text]\n<h3 style=\"text-align: center;\" align=\"center\"><strong>Associades<\/strong><\/h3>\n<h4 style=\"text-align: center;\"><strong><br \/>\n<\/strong>Lorrayne Andrade<br \/>\nMonalisa Castro<br \/>\nAnalista de projetos<br \/>\nMarcela Cardoso<\/h4>\n<p>&nbsp;[\/vc_column_text][\/vc_column_inner][\/vc_row_inner]<hr class=\"vertical-space1\">[vc_row_inner disable_element=&#8221;yes&#8221;][vc_column_inner width=&#8221;2\/3&#8243;]<hr class=\"vertical-space1\">[vc_column_text]\n<p style=\"text-align: center;\"><a class=\"wpsal-anchor\" name=\"porque\" id=\"porque\"><\/a>\n[\/vc_column_text]\n\t<div class=\"max-title max-title4\">\n\t\t<span class=\"before\"><\/span>\n\t\t<h2>Porque existimos<\/h2>\n\t\t<span class=\"after\"><\/span>\n\t<\/div><hr class=\"vertical-space2\">[vc_column_text]\n<h4 class=\"font_7\" align=\"justify\">A ideia de que o acesso a uma assist\u00eancia jur\u00eddica de qualidade \u00e9 ferramenta indissoci\u00e1vel para promover a equidade racial no Brasil motivou a funda\u00e7\u00e3o do IDPN. O Brasil possui hoje um sistema de justi\u00e7a que ainda reproduz o preconceito racial, de classe e de g\u00eanero em todas as suas inst\u00e2ncias. Desde a abordagem policial \u00e0s senten\u00e7as de pris\u00e3o, os dados mostram como a popula\u00e7\u00e3o negra \u00e9 a principal afetada nestes casos.<\/h4>\n<p>&nbsp;<\/p>\n<h4 class=\"font_7\" align=\"justify\">Embora as pessoas negras sejam 56% da popula\u00e7\u00e3o brasileira, elas ocupam apenas 1% dos postos de trabalho na advocacia em grandes escrit\u00f3rios e 18,1% dos cargos na magistratura. Existe um grande contingente de advogados e advogadas negros formados ou formandos em excelentes universidades, entretanto, esses profissionais enfrentam enormes desafios para ingresso no mercado de trabalho e disputa por cargos concorridos, t\u00eam poucas perspectivas de atuar na \u00e1rea jur\u00eddica, enfrentam grandes dificuldades para adquirir experi\u00eancia pr\u00e1tica jur\u00eddica, assim incorrendo no risco de desistirem de seguir uma carreira profissional jur\u00eddica. Precisamos destes profissionais atuando pela popula\u00e7\u00e3o negra que \u00e9 o principal alvo do sistema judici\u00e1rio.<\/h4>\n<p>&nbsp;<\/p>\n<h4 class=\"font_7\" align=\"justify\">Al\u00e9m disso, pessoas negras representam 65% da popula\u00e7\u00e3o encarcerada, recebem mais condena\u00e7\u00f5es por tr\u00e1fico apesar de serem apreendidas com menos drogas e, a cada 100 pessoas assassinadas no Brasil, 75 s\u00e3o negras. O alto custo na defesa de qualidade afasta grande parte da popula\u00e7\u00e3o negra e perif\u00e9rica de bons defensores. O IDPN acredita que uma das formas de mudar esse cen\u00e1rio \u00e9 fazer com que haja uma amplia\u00e7\u00e3o do n\u00famero de profissionais negras e negros qualificados e atuantes na \u00e1rea criminal. Estamos formando um quilombo jur\u00eddico.<\/h4>\n[\/vc_column_text][\/vc_column_inner][vc_column_inner width=&#8221;1\/3&#8243;]<hr class=\"vertical-space5\">[vc_single_image image=&#8221;11483&#8243; img_size=&#8221;250&#215;850&#8243; alignment=&#8221;center&#8221; style=&#8221;vc_box_circle_2&#8243;][\/vc_column_inner][\/vc_row_inner][\/vc_column][vc_column][\/vc_column][vc_column][\/vc_column][vc_column][\/vc_column][vc_column][\/vc_column][\/vc_row][vc_row][vc_column]\n\t<div class=\"max-title max-title4\">\n\t\t<span class=\"before\"><\/span>\n\t\t<h2>OBSERVAT\u00d3RIO CIDADE INTEGRADA<\/h2>\n\t\t<span class=\"after\"><\/span>\n\t<\/div>[vc_row_inner][vc_column_inner width=&#8221;1\/2&#8243;]<hr class=\"vertical-space1\">[vc_column_text]\n<h4 class=\"font_7\" align=\"justify\">O Observat\u00f3rio Cidade Integrada \u00e9 uma iniciativa de um conjunto de organiza\u00e7\u00f5es, entre estas, o IDPN, que t\u00eam o objetivo de produzir dados sobre viola\u00e7\u00f5es de direitos humanos e trazer a vis\u00e3o de moradores sobre o programa Cidade Integrada na favela do Jacarezinho. Clique na imagem e acesse o primeiro relat\u00f3rio lan\u00e7ado que traz a avalia\u00e7\u00e3o do programa.<\/h4>\n[\/vc_column_text]<hr class=\"vertical-space1\">[\/vc_column_inner][vc_column_inner width=&#8221;1\/2&#8243;][vc_single_image image=&#8221;11844&#8243; img_size=&#8221;250&#215;400&#8243; alignment=&#8221;center&#8221; style=&#8221;vc_box_circle_2&#8243; onclick=&#8221;custom_link&#8221; img_link_target=&#8221;_blank&#8221; link=&#8221;https:\/\/drive.google.com\/file\/d\/1jCh1YskCPdYNzVB-AL8XIfgY2NIkFORv\/view?usp=drivesdk&#8221;][\/vc_column_inner][\/vc_row_inner][vc_row_inner disable_element=&#8221;yes&#8221;][vc_column_inner width=&#8221;1\/3&#8243;]<hr class=\"vertical-space2\">[vc_column_text]\n<h3 style=\"text-align: center;\" align=\"center\"><strong>Coordena\u00e7\u00e3o<\/strong><\/h3>\n<h4 style=\"text-align: center;\" align=\"center\"><strong><br \/>\n<\/strong>Joel Luiz Costa &#8211; Coordenador Executivo<br \/>\nDjeff Amadeus &#8211; Coordenador de Advocacy<br \/>\nJuliana Sanches &#8211; Coordenadora Jur\u00eddica<\/h4>\n[\/vc_column_text][\/vc_column_inner][vc_column_inner width=&#8221;1\/3&#8243;]<hr class=\"vertical-space2\">\n\t<div class=\"max-title max-title4\">\n\t\t<span class=\"before\"><\/span>\n\t\t<h2>EQUIPE<\/h2>\n\t\t<span class=\"after\"><\/span>\n\t<\/div>[vc_column_text]\n<h3 style=\"text-align: center;\" align=\"center\"><strong>Associades<\/strong><\/h3>\n<h4 style=\"text-align: center;\" align=\"center\"><strong><br \/>\n<\/strong>Lorrayne Andrade<br \/>\nMonalisa Castro<br \/>\nAnalista de projetos<br \/>\nMarcela Cardoso<\/h4>\n<h3 style=\"text-align: center;\"><\/h3>\n<p style=\"text-align: center;\">[\/vc_column_text][\/vc_column_inner][vc_column_inner width=&#8221;1\/3&#8243;]<hr class=\"vertical-space2\">[vc_column_text]\n<h3 style=\"text-align: center;\" align=\"center\"><strong>Associades<\/strong><\/h3>\n<h4 style=\"text-align: center;\"><strong><br \/>\n<\/strong>Lorrayne Andrade<br \/>\nMonalisa Castro<br \/>\nAnalista de projetos<br \/>\nMarcela Cardoso<\/h4>\n<p>&nbsp;[\/vc_column_text][\/vc_column_inner][\/vc_row_inner]<hr class=\"vertical-space1\">[vc_row_inner disable_element=&#8221;yes&#8221;][vc_column_inner width=&#8221;2\/3&#8243;]<hr class=\"vertical-space1\">[vc_column_text]\n<p style=\"text-align: center;\"><a class=\"wpsal-anchor\" name=\"porque\" id=\"porque\"><\/a>\n[\/vc_column_text]\n\t<div class=\"max-title max-title4\">\n\t\t<span class=\"before\"><\/span>\n\t\t<h2>Porque existimos<\/h2>\n\t\t<span class=\"after\"><\/span>\n\t<\/div><hr class=\"vertical-space2\">[vc_column_text]\n<h4 class=\"font_7\" align=\"justify\">A ideia de que o acesso a uma assist\u00eancia jur\u00eddica de qualidade \u00e9 ferramenta indissoci\u00e1vel para promover a equidade racial no Brasil motivou a funda\u00e7\u00e3o do IDPN. O Brasil possui hoje um sistema de justi\u00e7a que ainda reproduz o preconceito racial, de classe e de g\u00eanero em todas as suas inst\u00e2ncias. Desde a abordagem policial \u00e0s senten\u00e7as de pris\u00e3o, os dados mostram como a popula\u00e7\u00e3o negra \u00e9 a principal afetada nestes casos.<\/h4>\n<p>&nbsp;<\/p>\n<h4 class=\"font_7\" align=\"justify\">Embora as pessoas negras sejam 56% da popula\u00e7\u00e3o brasileira, elas ocupam apenas 1% dos postos de trabalho na advocacia em grandes escrit\u00f3rios e 18,1% dos cargos na magistratura. Existe um grande contingente de advogados e advogadas negros formados ou formandos em excelentes universidades, entretanto, esses profissionais enfrentam enormes desafios para ingresso no mercado de trabalho e disputa por cargos concorridos, t\u00eam poucas perspectivas de atuar na \u00e1rea jur\u00eddica, enfrentam grandes dificuldades para adquirir experi\u00eancia pr\u00e1tica jur\u00eddica, assim incorrendo no risco de desistirem de seguir uma carreira profissional jur\u00eddica. Precisamos destes profissionais atuando pela popula\u00e7\u00e3o negra que \u00e9 o principal alvo do sistema judici\u00e1rio.<\/h4>\n<p>&nbsp;<\/p>\n<h4 class=\"font_7\" align=\"justify\">Al\u00e9m disso, pessoas negras representam 65% da popula\u00e7\u00e3o encarcerada, recebem mais condena\u00e7\u00f5es por tr\u00e1fico apesar de serem apreendidas com menos drogas e, a cada 100 pessoas assassinadas no Brasil, 75 s\u00e3o negras. O alto custo na defesa de qualidade afasta grande parte da popula\u00e7\u00e3o negra e perif\u00e9rica de bons defensores. O IDPN acredita que uma das formas de mudar esse cen\u00e1rio \u00e9 fazer com que haja uma amplia\u00e7\u00e3o do n\u00famero de profissionais negras e negros qualificados e atuantes na \u00e1rea criminal. Estamos formando um quilombo jur\u00eddico.<\/h4>\n[\/vc_column_text][\/vc_column_inner][vc_column_inner width=&#8221;1\/3&#8243;]<hr class=\"vertical-space5\">[vc_single_image image=&#8221;11483&#8243; img_size=&#8221;250&#215;850&#8243; alignment=&#8221;center&#8221; style=&#8221;vc_box_circle_2&#8243;][\/vc_column_inner][\/vc_row_inner][\/vc_column][vc_column][\/vc_column][vc_column][\/vc_column][vc_column][\/vc_column][vc_column][\/vc_column][\/vc_row][vc_row][vc_column][vc_row_inner disable_element=&#8221;yes&#8221;][vc_column_inner width=&#8221;1\/3&#8243;]<hr class=\"vertical-space2\">[vc_column_text]\n<h3 style=\"text-align: center;\" align=\"center\"><strong>Coordena\u00e7\u00e3o<\/strong><\/h3>\n<h4 style=\"text-align: center;\" align=\"center\"><strong><br \/>\n<\/strong>Joel Luiz Costa &#8211; Coordenador Executivo<br \/>\nDjeff Amadeus &#8211; Coordenador de Advocacy<br \/>\nJuliana Sanches &#8211; Coordenadora Jur\u00eddica<\/h4>\n[\/vc_column_text][\/vc_column_inner][vc_column_inner width=&#8221;1\/3&#8243;]<hr class=\"vertical-space2\">\n\t<div class=\"max-title max-title4\">\n\t\t<span class=\"before\"><\/span>\n\t\t<h2>EQUIPE<\/h2>\n\t\t<span class=\"after\"><\/span>\n\t<\/div>[vc_column_text]\n<h3 style=\"text-align: center;\" align=\"center\"><strong>Associades<\/strong><\/h3>\n<h4 style=\"text-align: center;\" align=\"center\"><strong><br \/>\n<\/strong>Lorrayne Andrade<br \/>\nMonalisa Castro<br \/>\nAnalista de projetos<br \/>\nMarcela Cardoso<\/h4>\n<h3 style=\"text-align: center;\"><\/h3>\n<p style=\"text-align: center;\">[\/vc_column_text][\/vc_column_inner][vc_column_inner width=&#8221;1\/3&#8243;]<hr class=\"vertical-space2\">[vc_column_text]\n<h3 style=\"text-align: center;\" align=\"center\"><strong>Associades<\/strong><\/h3>\n<h4 style=\"text-align: center;\"><strong><br \/>\n<\/strong>Lorrayne Andrade<br \/>\nMonalisa Castro<br \/>\nAnalista de projetos<br \/>\nMarcela Cardoso<\/h4>\n<p>&nbsp;[\/vc_column_text][\/vc_column_inner][\/vc_row_inner][vc_row_inner disable_element=&#8221;yes&#8221;][vc_column_inner width=&#8221;2\/3&#8243;]<hr class=\"vertical-space1\">[vc_column_text]\n<p style=\"text-align: center;\"><a class=\"wpsal-anchor\" name=\"porque\" id=\"porque\"><\/a>\n[\/vc_column_text]\n\t<div class=\"max-title max-title4\">\n\t\t<span class=\"before\"><\/span>\n\t\t<h2>Porque existimos<\/h2>\n\t\t<span class=\"after\"><\/span>\n\t<\/div><hr class=\"vertical-space2\">[vc_column_text]\n<h4 class=\"font_7\" align=\"justify\">A ideia de que o acesso a uma assist\u00eancia jur\u00eddica de qualidade \u00e9 ferramenta indissoci\u00e1vel para promover a equidade racial no Brasil motivou a funda\u00e7\u00e3o do IDPN. O Brasil possui hoje um sistema de justi\u00e7a que ainda reproduz o preconceito racial, de classe e de g\u00eanero em todas as suas inst\u00e2ncias. Desde a abordagem policial \u00e0s senten\u00e7as de pris\u00e3o, os dados mostram como a popula\u00e7\u00e3o negra \u00e9 a principal afetada nestes casos.<\/h4>\n<p>&nbsp;<\/p>\n<h4 class=\"font_7\" align=\"justify\">Embora as pessoas negras sejam 56% da popula\u00e7\u00e3o brasileira, elas ocupam apenas 1% dos postos de trabalho na advocacia em grandes escrit\u00f3rios e 18,1% dos cargos na magistratura. Existe um grande contingente de advogados e advogadas negros formados ou formandos em excelentes universidades, entretanto, esses profissionais enfrentam enormes desafios para ingresso no mercado de trabalho e disputa por cargos concorridos, t\u00eam poucas perspectivas de atuar na \u00e1rea jur\u00eddica, enfrentam grandes dificuldades para adquirir experi\u00eancia pr\u00e1tica jur\u00eddica, assim incorrendo no risco de desistirem de seguir uma carreira profissional jur\u00eddica. Precisamos destes profissionais atuando pela popula\u00e7\u00e3o negra que \u00e9 o principal alvo do sistema judici\u00e1rio.<\/h4>\n<p>&nbsp;<\/p>\n<h4 class=\"font_7\" align=\"justify\">Al\u00e9m disso, pessoas negras representam 65% da popula\u00e7\u00e3o encarcerada, recebem mais condena\u00e7\u00f5es por tr\u00e1fico apesar de serem apreendidas com menos drogas e, a cada 100 pessoas assassinadas no Brasil, 75 s\u00e3o negras. O alto custo na defesa de qualidade afasta grande parte da popula\u00e7\u00e3o negra e perif\u00e9rica de bons defensores. O IDPN acredita que uma das formas de mudar esse cen\u00e1rio \u00e9 fazer com que haja uma amplia\u00e7\u00e3o do n\u00famero de profissionais negras e negros qualificados e atuantes na \u00e1rea criminal. Estamos formando um quilombo jur\u00eddico.<\/h4>\n[\/vc_column_text][\/vc_column_inner][vc_column_inner width=&#8221;1\/3&#8243;]<hr class=\"vertical-space5\">[vc_single_image image=&#8221;11483&#8243; img_size=&#8221;250&#215;850&#8243; alignment=&#8221;center&#8221; style=&#8221;vc_box_circle_2&#8243;][\/vc_column_inner][\/vc_row_inner][\/vc_column][vc_column][\/vc_column][vc_column][\/vc_column][vc_column][\/vc_column][vc_column][\/vc_column][\/vc_row][vc_row][vc_column][vc_column_text]\n<p style=\"text-align: center;\"><a class=\"wpsal-anchor\" name=\"missao\" id=\"missao\"><\/a>\n[\/vc_column_text][vc_row_inner disable_element=&#8221;yes&#8221;][vc_column_inner width=&#8221;1\/3&#8243;]<hr class=\"vertical-space2\">[vc_column_text]\n<h3 style=\"text-align: center;\" align=\"center\"><strong>Coordena\u00e7\u00e3o<\/strong><\/h3>\n<h4 style=\"text-align: center;\" align=\"center\"><strong><br \/>\n<\/strong>Joel Luiz Costa &#8211; Coordenador Executivo<br \/>\nDjeff Amadeus &#8211; Coordenador de Advocacy<br \/>\nJuliana Sanches &#8211; Coordenadora Jur\u00eddica<\/h4>\n[\/vc_column_text][\/vc_column_inner][vc_column_inner width=&#8221;1\/3&#8243;]<hr class=\"vertical-space2\">\n\t<div class=\"max-title max-title4\">\n\t\t<span class=\"before\"><\/span>\n\t\t<h2>EQUIPE<\/h2>\n\t\t<span class=\"after\"><\/span>\n\t<\/div>[vc_column_text]\n<h3 style=\"text-align: center;\" align=\"center\"><strong>Associades<\/strong><\/h3>\n<h4 style=\"text-align: center;\" align=\"center\"><strong><br \/>\n<\/strong>Lorrayne Andrade<br \/>\nMonalisa Castro<br \/>\nAnalista de projetos<br \/>\nMarcela Cardoso<\/h4>\n<h3 style=\"text-align: center;\"><\/h3>\n<p style=\"text-align: center;\">[\/vc_column_text][\/vc_column_inner][vc_column_inner width=&#8221;1\/3&#8243;]<hr class=\"vertical-space2\">[vc_column_text]\n<h3 style=\"text-align: center;\" align=\"center\"><strong>Associades<\/strong><\/h3>\n<h4 style=\"text-align: center;\"><strong><br \/>\n<\/strong>Lorrayne Andrade<br \/>\nMonalisa Castro<br \/>\nAnalista de projetos<br \/>\nMarcela Cardoso<\/h4>\n<p>&nbsp;[\/vc_column_text][\/vc_column_inner][\/vc_row_inner]<hr class=\"vertical-space1\">[vc_row_inner disable_element=&#8221;yes&#8221;][vc_column_inner width=&#8221;2\/3&#8243;]<hr class=\"vertical-space1\">[vc_column_text]\n<p style=\"text-align: center;\"><a class=\"wpsal-anchor\" name=\"porque\" id=\"porque\"><\/a>\n[\/vc_column_text]\n\t<div class=\"max-title max-title4\">\n\t\t<span class=\"before\"><\/span>\n\t\t<h2>Porque existimos<\/h2>\n\t\t<span class=\"after\"><\/span>\n\t<\/div><hr class=\"vertical-space2\">[vc_column_text]\n<h4 class=\"font_7\" align=\"justify\">A ideia de que o acesso a uma assist\u00eancia jur\u00eddica de qualidade \u00e9 ferramenta indissoci\u00e1vel para promover a equidade racial no Brasil motivou a funda\u00e7\u00e3o do IDPN. O Brasil possui hoje um sistema de justi\u00e7a que ainda reproduz o preconceito racial, de classe e de g\u00eanero em todas as suas inst\u00e2ncias. Desde a abordagem policial \u00e0s senten\u00e7as de pris\u00e3o, os dados mostram como a popula\u00e7\u00e3o negra \u00e9 a principal afetada nestes casos.<\/h4>\n<p>&nbsp;<\/p>\n<h4 class=\"font_7\" align=\"justify\">Embora as pessoas negras sejam 56% da popula\u00e7\u00e3o brasileira, elas ocupam apenas 1% dos postos de trabalho na advocacia em grandes escrit\u00f3rios e 18,1% dos cargos na magistratura. Existe um grande contingente de advogados e advogadas negros formados ou formandos em excelentes universidades, entretanto, esses profissionais enfrentam enormes desafios para ingresso no mercado de trabalho e disputa por cargos concorridos, t\u00eam poucas perspectivas de atuar na \u00e1rea jur\u00eddica, enfrentam grandes dificuldades para adquirir experi\u00eancia pr\u00e1tica jur\u00eddica, assim incorrendo no risco de desistirem de seguir uma carreira profissional jur\u00eddica. Precisamos destes profissionais atuando pela popula\u00e7\u00e3o negra que \u00e9 o principal alvo do sistema judici\u00e1rio.<\/h4>\n<p>&nbsp;<\/p>\n<h4 class=\"font_7\" align=\"justify\">Al\u00e9m disso, pessoas negras representam 65% da popula\u00e7\u00e3o encarcerada, recebem mais condena\u00e7\u00f5es por tr\u00e1fico apesar de serem apreendidas com menos drogas e, a cada 100 pessoas assassinadas no Brasil, 75 s\u00e3o negras. O alto custo na defesa de qualidade afasta grande parte da popula\u00e7\u00e3o negra e perif\u00e9rica de bons defensores. O IDPN acredita que uma das formas de mudar esse cen\u00e1rio \u00e9 fazer com que haja uma amplia\u00e7\u00e3o do n\u00famero de profissionais negras e negros qualificados e atuantes na \u00e1rea criminal. Estamos formando um quilombo jur\u00eddico.<\/h4>\n[\/vc_column_text][\/vc_column_inner][vc_column_inner width=&#8221;1\/3&#8243;]<hr class=\"vertical-space5\">[vc_single_image image=&#8221;11483&#8243; img_size=&#8221;250&#215;850&#8243; alignment=&#8221;center&#8221; style=&#8221;vc_box_circle_2&#8243;][\/vc_column_inner][\/vc_row_inner][\/vc_column][vc_column][\/vc_column][vc_column][\/vc_column][\/vc_row][vc_section wn_parallax=&#8221;content-moving&#8221; wn_parallax_speed=&#8221;190&#8243; css=&#8221;.vc_custom_1651249951810{background-image: url(https:\/\/institutodpn.org\/website\/wp-content\/uploads\/2022\/04\/Detalhe-site-IDPN-2.png?id=11466) !important;}&#8221;][vc_row row_dark=&#8221;yes&#8221; layer_animation=&#8221;true&#8221;][vc_column][vc_column_text]\n<p style=\"text-align: center;\"><a class=\"wpsal-anchor\" name=\"contato\" id=\"contato\"><\/a>\n[\/vc_column_text]<hr class=\"vertical-space3\"><hr class=\"vertical-space5\"><hr class=\"vertical-space5\">[\/vc_column][\/vc_row][\/vc_section][vc_row][vc_column]\n\t<div class=\"max-title max-title4\">\n\t\t<span class=\"before\"><\/span>\n\t\t<h2>Quer falar com o IDPN?<\/h2>\n\t\t<span class=\"after\"><\/span>\n\t<\/div>[\/vc_column][\/vc_row][vc_row][vc_column width=&#8221;1\/3&#8243;]<hr class=\"vertical-space2\">[vc_icon icon_fontawesome=&#8221;fa fa-comments&#8221; color=&#8221;custom&#8221; size=&#8221;xl&#8221; align=&#8221;center&#8221; custom_color=&#8221;#cf2e2e&#8221;][vc_column_text]\n<h4 style=\"text-align: center;\">\u00c9 sobre aux\u00edlio jur\u00eddico?<\/h4>\n<h3 style=\"text-align: center;\"><a href=\"http:\/\/bit.ly\/idpnatende\" class=\"su-button su-button-style-flat\" style=\"color:#FFFFFF;background-color:#efa72d;border-color:#c08624;border-radius:20px;-moz-border-radius:20px;-webkit-border-radius:20px\" target=\"_self\"><span style=\"color:#FFFFFF;padding:0px 26px;font-size:20px;line-height:40px;border-color:#f4c26c;border-radius:20px;-moz-border-radius:20px;-webkit-border-radius:20px;text-shadow:none;-moz-text-shadow:none;-webkit-text-shadow:none\"> CLIQUE AQUI<\/span><\/a><\/h3>\n[\/vc_column_text][\/vc_column][vc_column width=&#8221;1\/3&#8243;]<hr class=\"vertical-space2\">[vc_icon icon_fontawesome=&#8221;fa fa-comments&#8221; color=&#8221;custom&#8221; size=&#8221;xl&#8221; align=&#8221;center&#8221; custom_color=&#8221;#cf2e2e&#8221;][vc_column_text]\n<h4 style=\"text-align: center;\">\u00c9 sobre outro assunto?<\/h4>\n<h4 style=\"text-align: center;\">Preencha o formul\u00e1rio a seguir!<\/h4>\n[\/vc_column_text][\/vc_column][vc_column width=&#8221;1\/3&#8243;]<div role=\"form\" class=\"wpcf7\" id=\"wpcf7-f6-o1\" lang=\"pt-BR\" dir=\"ltr\">\n<div class=\"screen-reader-response\"><\/div>\n<form action=\"\/website\/wp-json\/wp\/v2\/pages\/11644#wpcf7-f6-o1\" method=\"post\" class=\"wpcf7-form\" novalidate=\"novalidate\">\n<div style=\"display: none;\">\n<input type=\"hidden\" name=\"_wpcf7\" value=\"6\" \/>\n<input type=\"hidden\" name=\"_wpcf7_version\" value=\"5.1.1\" \/>\n<input type=\"hidden\" name=\"_wpcf7_locale\" value=\"pt_BR\" \/>\n<input type=\"hidden\" name=\"_wpcf7_unit_tag\" value=\"wpcf7-f6-o1\" \/>\n<input type=\"hidden\" name=\"_wpcf7_container_post\" value=\"0\" \/>\n<input type=\"hidden\" name=\"g-recaptcha-response\" value=\"\" \/>\n<\/div>\n<p><label> Seu nome (obrigat\u00f3rio)<br \/>\n    <span class=\"wpcf7-form-control-wrap your-name\"><input type=\"text\" name=\"your-name\" value=\"\" size=\"40\" class=\"wpcf7-form-control wpcf7-text wpcf7-validates-as-required\" aria-required=\"true\" aria-invalid=\"false\" \/><\/span> <\/label><\/p>\n<p><label> Seu e-mail (obrigat\u00f3rio)<br \/>\n    <span class=\"wpcf7-form-control-wrap your-email\"><input type=\"email\" name=\"your-email\" value=\"\" size=\"40\" class=\"wpcf7-form-control wpcf7-text wpcf7-email wpcf7-validates-as-required wpcf7-validates-as-email\" aria-required=\"true\" aria-invalid=\"false\" \/><\/span> <\/label><\/p>\n<p><label> Sua mensagem<br \/>\n    <span class=\"wpcf7-form-control-wrap your-message\"><textarea name=\"your-message\" cols=\"40\" rows=\"10\" class=\"wpcf7-form-control wpcf7-textarea\" aria-invalid=\"false\"><\/textarea><\/span> <\/label><\/p>\n<p><input type=\"submit\" value=\"Enviar\" class=\"wpcf7-form-control wpcf7-submit\" \/><\/p>\n<div class=\"wpcf7-response-output wpcf7-display-none\"><\/div><\/form><\/div>[\/vc_column][\/vc_row][vc_row][vc_column][vc_tta_pageable][vc_tta_section title=&#8221;Se\u00e7\u00e3o 1&#8243; tab_id=&#8221;1659721078974-9d154bc7-cdf9&#8243;][\/vc_tta_section][vc_tta_section title=&#8221;Se\u00e7\u00e3o 2&#8243; tab_id=&#8221;1659721078975-7b9d054c-0f45&#8243;][\/vc_tta_section][\/vc_tta_pageable][\/vc_column][\/vc_row][vc_row][vc_column][\/vc_column][\/vc_row][vc_row][vc_column][\/vc_column][\/vc_row]\n","protected":false},"excerpt":{"rendered":"<p>[vc_section full_width=&#8221;yes&#8221; page_title=&#8221;page-title-x&#8221;][vc_row][vc_column][\/vc_column][\/vc_row][\/vc_section][vc_section full_width=&#8221;yes&#8221; full_height=&#8221;yes&#8221; content_placement=&#8221;top&#8221; css=&#8221;.vc_custom_1659719023881{background-image: url(https:\/\/institutodpn.org\/website\/wp-content\/uploads\/2022\/08\/man-in-library-6720&#215;4480-1-scaled.jpg?id=11645) !important;}&#8221;][vc_row css=&#8221;.vc_custom_1600512787450{padding-right: 0px !important;padding-left: 0px !important;}&#8221;][vc_column css=&#8221;.vc_custom_1659718891112{margin-top: -30px !important;padding-right: 0px !important;padding-left: 0px !important;}&#8221; offset=&#8221;vc_col-lg-offset-12 vc_col-lg-4 vc_col-md-6&#8243;][vc_row_inner][vc_column_inner offset=&#8221;vc_hidden-lg vc_hidden-md&#8221;][\/vc_column_inner][\/vc_row_inner][\/vc_column][\/vc_row][\/vc_section][vc_section][vc_row][vc_column][vc_row_inner][vc_column_inner][vc_column_text] Aqui voc\u00ea encontra nossas produ\u00e7\u00f5es, materiais de parceiros e documentos que podem te auxiliar a compreender o universo jur\u00eddico a partir do olhar de juristas negros. Tem alguma sugest\u00e3o ou pedido? Envie sua solicita\u00e7\u00e3o pela p\u00e1gina de contato. [\/vc_column_text][\/vc_column_inner][\/vc_row_inner][\/vc_column][\/vc_row][\/vc_section][vc_section wn_parallax=&#8221;content-moving&#8221; wn_parallax_speed=&#8221;190&#8243; css=&#8221;.vc_custom_1651249951810{background-image: url(https:\/\/institutodpn.org\/website\/wp-content\/uploads\/2022\/04\/Detalhe-site-IDPN-2.png?id=11466) !important;}&#8221;][vc_row row_dark=&#8221;yes&#8221; layer_animation=&#8221;true&#8221;][vc_column][\/vc_column][\/vc_row][vc_row][vc_column][vc_wp_text] [\/vc_wp_text][\/vc_column][\/vc_row][\/vc_section][vc_row][vc_column][vc_column_text]O uso do termo viol\u00eancia pol\u00edtica tem ganhado espa\u00e7o, nos \u00faltimos anos, para nomear diversas pr\u00e1ticas que atravessam historicamente o modo de fazer pol\u00edtica em uma sociedade desigual e marcada por rela\u00e7\u00f5es de poder constitu\u00eddas e mantidas pelas assimetrias de ra\u00e7a, g\u00eanero e classe. Para colaborar no enfrentamento deste tipo de viol\u00eancia que atinge especialmente mulheres negras e LGBTQIA+, o IDPN disponibiliza uma s\u00e9rie de produ\u00e7\u00f5es que ir\u00e3o ajudar na cria\u00e7\u00e3o de estrat\u00e9gias poss\u00edveis, especialmente no \u00e2mbito jur\u00eddico-penal. Clique nas imagens e conhe\u00e7a![\/vc_column_text][vc_row_inner][vc_column_inner width=&#8221;1\/3&#8243;][vc_single_image image=&#8221;11780&#8243; img_size=&#8221;250&#215;400&#8243; alignment=&#8221;center&#8221; style=&#8221;vc_box_circle_2&#8243; onclick=&#8221;custom_link&#8221; link=&#8221;https:\/\/drive.google.com\/file\/d\/1BeYDhVlPFxWnITMDMISnPwA1TtOLuIRp\/view?usp=sharing&#8221;][vc_column_text enable_animation_pro=&#8221;&#8221;] #BASTADEVIOL\u00caNCIAPOL\u00cdTICA Manual de Enfrentamento Jur\u00eddico (clique e fa\u00e7a o download) [\/vc_column_text][\/vc_column_inner][vc_column_inner width=&#8221;1\/3&#8243;][vc_single_image image=&#8221;11778&#8243; img_size=&#8221;250&#215;400&#8243; alignment=&#8221;center&#8221; style=&#8221;vc_box_circle_2&#8243; onclick=&#8221;custom_link&#8221; link=&#8221;https:\/\/open.spotify.com\/playlist\/5WTkUzWraVC6YJpdx7cVSR?si=c9f79cff6efc4627&#8243;][vc_column_text] Podcast Viol\u00eancia Pol\u00edtica e Democracia Especial Defenda-se (ou\u00e7a os 5 epis\u00f3dios) [\/vc_column_text][\/vc_column_inner][vc_column_inner width=&#8221;1\/3&#8243;][vc_single_image image=&#8221;11779&#8243; img_size=&#8221;250&#215;400&#8243; alignment=&#8221;center&#8221; style=&#8221;vc_box_circle_2&#8243; onclick=&#8221;custom_link&#8221; link=&#8221;http:\/\/change.org\/bastadeviolenciapolitica&#8221;][vc_column_text] #BASTADEVIOL\u00caNCIAPOL\u00cdTICA Campanha para destina\u00e7\u00e3o do fundo partid\u00e1rio para o enfrentamento da viol\u00eancia pol\u00edtica [\/vc_column_text][\/vc_column_inner][\/vc_row_inner][vc_row_inner disable_element=&#8221;yes&#8221;][vc_column_inner width=&#8221;1\/3&#8243;][vc_column_text] Coordena\u00e7\u00e3o Joel Luiz Costa &#8211; Coordenador Executivo Djeff Amadeus &#8211; Coordenador de Advocacy Juliana Sanches &#8211; Coordenadora Jur\u00eddica [\/vc_column_text][\/vc_column_inner][vc_column_inner width=&#8221;1\/3&#8243;][vc_column_text] Associades Lorrayne Andrade Monalisa Castro Analista de projetos Marcela Cardoso [\/vc_column_text][\/vc_column_inner][vc_column_inner width=&#8221;1\/3&#8243;][vc_column_text] Associades Lorrayne Andrade Monalisa Castro Analista de projetos Marcela Cardoso &nbsp;[\/vc_column_text][\/vc_column_inner][\/vc_row_inner][vc_row_inner disable_element=&#8221;yes&#8221;][vc_column_inner width=&#8221;2\/3&#8243;][vc_column_text] [\/vc_column_text][vc_column_text] A ideia de que o acesso a uma assist\u00eancia jur\u00eddica de qualidade \u00e9 ferramenta indissoci\u00e1vel para promover a equidade racial no Brasil motivou a funda\u00e7\u00e3o do IDPN. O Brasil possui hoje um sistema de justi\u00e7a que ainda reproduz&#8230; <\/p>\n<p><a class=\"readmore\" href=\"https:\/\/institutodpn.org\/website\/biblioteca\/\">Continuar lendo<\/a><\/p>\n","protected":false},"author":3,"featured_media":0,"parent":0,"menu_order":0,"comment_status":"closed","ping_status":"closed","template":"","meta":{"_mi_skip_tracking":false},"_links":{"self":[{"href":"https:\/\/institutodpn.org\/website\/wp-json\/wp\/v2\/pages\/11644"}],"collection":[{"href":"https:\/\/institutodpn.org\/website\/wp-json\/wp\/v2\/pages"}],"about":[{"href":"https:\/\/institutodpn.org\/website\/wp-json\/wp\/v2\/types\/page"}],"author":[{"embeddable":true,"href":"https:\/\/institutodpn.org\/website\/wp-json\/wp\/v2\/users\/3"}],"replies":[{"embeddable":true,"href":"https:\/\/institutodpn.org\/website\/wp-json\/wp\/v2\/comments?post=11644"}],"version-history":[{"count":39,"href":"https:\/\/institutodpn.org\/website\/wp-json\/wp\/v2\/pages\/11644\/revisions"}],"predecessor-version":[{"id":11949,"href":"https:\/\/institutodpn.org\/website\/wp-json\/wp\/v2\/pages\/11644\/revisions\/11949"}],"wp:attachment":[{"href":"https:\/\/institutodpn.org\/website\/wp-json\/wp\/v2\/media?parent=11644"}],"curies":[{"name":"wp","href":"https:\/\/api.w.org\/{rel}","templated":true}]}}